{"id":8203,"date":"2017-11-29T15:50:13","date_gmt":"2017-11-29T15:50:13","guid":{"rendered":"https:\/\/andra-pak.pl\/konfekcjonowanie-opakowan-packing\/"},"modified":"2018-05-04T13:23:30","modified_gmt":"2018-05-04T13:23:30","slug":"konfektionierung-von-verpackungen","status":"publish","type":"page","link":"http:\/\/andra-pak.pl\/de\/konfektionierung-von-verpackungen\/","title":{"rendered":"KONFEKTIONIERUNG VON VERPACKUNGEN"},"content":{"rendered":"<div class=\"wpb-content-wrapper\"><p>[vc_row full_width=&#8220;stretch_row&#8220; enable_first_overlay=&#8220;true&#8220; first_overlay_opacity=&#8220;92&#8243; first_background_color=&#8220;#ffffff&#8220; enable_parallax=&#8220;true&#8220; parallax_background=&#8220;6551&#8243; css=&#8220;.vc_custom_1513761969830{margin-top: 0px !important;padding-top: 40px !important;padding-bottom: 40px !important;background-position: center !important;background-repeat: no-repeat !important;background-size: cover !important;}&#8220; el_id=&#8220;produkty&#8220;][vc_column][vc_custom_heading text=&#8220;KOMPLEXE KONFEKTIONIERUNG VON VERPACKUNGEN<\/p>\n<p>&#8220; font_container=&#8220;tag:h1|font_size:40|text_align:center|color:%231c1a19&#8243; google_fonts=&#8220;font_family:Lato%3A100%2C100italic%2C300%2C300italic%2Cregular%2Citalic%2C700%2C700italic%2C900%2C900italic|font_style:900%20bold%20regular%3A900%3Anormal&#8220;][vc_column_text]<\/p>\n<p style=\"text-align: center;\">Im Rahmen unserer umfassenden Leistungen im Bereich der <strong>Konfektionierung von<\/strong> <strong>Produkten und Verpackungen <\/strong>bieten wir fachliche Beratung, professionelle grafische Projekte, Herstellung von Verpackungen oder ausgew\u00e4hlten Verpackungselementen sowie die Konfektionierung von Produkten und Verpackungen (Co-Packing).<\/p>\n<p style=\"text-align: center;\">Unsere Konfektionierung von Verpackungen verbindet Qualit\u00e4t, Haltbarkeit und \u00c4sthetik zu einem einzigartigen Ganzen, das die Produktpr\u00e4sentation auf ein neues Niveau hebt. Dadurch bieten wir unseren Kunden 100% Zufriedenheit und Wettbewerbsvorteile.<\/p>\n<p>[\/vc_column_text][\/vc_column][\/vc_row][vc_row full_width=&#8220;stretch_row_content_no_spaces&#8220; equal_height=&#8220;yes&#8220; content_placement=&#8220;middle&#8220; css=&#8220;.vc_custom_1512385471904{margin-top: 0px !important;margin-bottom: 0px !important;background-color: #fbfbfb !important;}&#8220;][vc_column parallax=&#8220;content-moving&#8220; parallax_image=&#8220;7220&#8243; parallax_speed_bg=&#8220;1.2&#8243; width=&#8220;1\/2&#8243; css=&#8220;.vc_custom_1519823559401{padding-top: 40vh !important;padding-bottom: 40vh !important;}&#8220;][\/vc_column][vc_column width=&#8220;5\/12&#8243; css=&#8220;.vc_custom_1512373838675{padding-top: 40px !important;padding-right: 7% !important;padding-bottom: 40px !important;padding-left: 3% !important;}&#8220; offset=&#8220;vc_col-lg-offset-1 vc_col-lg-5 vc_col-md-offset-1 vc_col-md-5 vc_col-sm-offset-1 vc_col-xs-offset-1&#8243;][vc_custom_heading text=&#8220;MEHR ALS CO-PACKING &#8220; font_container=&#8220;tag:h2|text_align:left|color:%231e1e1e&#8220; use_theme_fonts=&#8220;yes&#8220; css=&#8220;.vc_custom_1525439862095{margin-bottom: 40px !important;}&#8220;]<div data-id=\"mpc_icon_column-4769efb8e4d747b\" class=\"mpc-icon-column mpc-init mpc-parent-hover mpc-transition mpc-icon-column--style_3 mpc-align--left \" ><div data-id=\"mpc_icon-2769efb8e4d74e3\" class=\"mpc-icon mpc-init mpc-transition mpc-effect-none mpc-icon-hover \"><div class=\"mpc-icon-wrap\"><i class=\"mpc-icon-part mpc-regular mpc-transition  fa fa-check\"><\/i><i class=\"mpc-icon-part mpc-hover mpc-transition  fa fa-check\"><\/i><\/div><\/div><div class=\"mpc-icon-column__content-wrap\"><div class=\"mpc-icon-column__content\"><div data-id=\"mpc_divider-7769efb8e4d7534\" class=\"mpc-divider-wrap\"><div class=\"mpc-divider mpc-init mpc-align--center mpc-disable--left \" ><div class=\"mpc-divider__line mpc-side--left\"><span><\/span><\/div><div class=\"mpc-divider__line mpc-side--right\"><span><\/span><\/div><\/div><\/div><div class=\"mpc-icon-column__description mpc-transition\"><p>Wir bieten weit mehr als nur standardm\u00e4\u00dfige Co-Packing-Leistungen (Sortieren, Zusammenlegen, Verpacken und Kennzeichnen) und bieten unseren Kunden vollen Service im Bereich der Produktverpackung.<\/p>\n<\/div><\/div><\/div><\/div><div data-id=\"mpc_icon_column-7569efb8e4d75fb\" class=\"mpc-icon-column mpc-init mpc-parent-hover mpc-transition mpc-icon-column--style_3 mpc-align--left \" ><div data-id=\"mpc_icon-2569efb8e4d7617\" class=\"mpc-icon mpc-init mpc-transition mpc-effect-none mpc-icon-hover \"><div class=\"mpc-icon-wrap\"><i class=\"mpc-icon-part mpc-regular mpc-transition  fa fa-check\"><\/i><i class=\"mpc-icon-part mpc-hover mpc-transition  fa fa-check\"><\/i><\/div><\/div><div class=\"mpc-icon-column__content-wrap\"><div class=\"mpc-icon-column__content\"><div data-id=\"mpc_divider-10069efb8e4d762e\" class=\"mpc-divider-wrap\"><div class=\"mpc-divider mpc-init mpc-align--center mpc-disable--left \" ><div class=\"mpc-divider__line mpc-side--left\"><span><\/span><\/div><div class=\"mpc-divider__line mpc-side--right\"><span><\/span><\/div><\/div><\/div><div class=\"mpc-icon-column__description mpc-transition\"><p>Wir bieten originale Verpackungsl\u00f6sungen, die optimal auf die individuellen Bed\u00fcrfnisse abgestimmt sind.<\/p>\n<\/div><\/div><\/div><\/div><div data-id=\"mpc_icon_column-8569efb8e4d7697\" class=\"mpc-icon-column mpc-init mpc-parent-hover mpc-transition mpc-icon-column--style_3 mpc-align--left \" ><div data-id=\"mpc_icon-9669efb8e4d76ae\" class=\"mpc-icon mpc-init mpc-transition mpc-effect-none mpc-icon-hover \"><div class=\"mpc-icon-wrap\"><i class=\"mpc-icon-part mpc-regular mpc-transition  fa fa-check\"><\/i><i class=\"mpc-icon-part mpc-hover mpc-transition  fa fa-check\"><\/i><\/div><\/div><div class=\"mpc-icon-column__content-wrap\"><div class=\"mpc-icon-column__content\"><div data-id=\"mpc_divider-369efb8e4d76c2\" class=\"mpc-divider-wrap\"><div class=\"mpc-divider mpc-init mpc-align--center mpc-disable--left \" ><div class=\"mpc-divider__line mpc-side--left\"><span><\/span><\/div><div class=\"mpc-divider__line mpc-side--right\"><span><\/span><\/div><\/div><\/div><div class=\"mpc-icon-column__description mpc-transition\"><p>Unsere Verpackungen eignen sich f\u00fcr alle Arten von Produkten.<\/p>\n<\/div><\/div><\/div><\/div><div data-id=\"mpc_icon_column-7569efb8e4d7725\" class=\"mpc-icon-column mpc-init mpc-parent-hover mpc-transition mpc-icon-column--style_3 mpc-align--left \" ><div data-id=\"mpc_icon-8969efb8e4d773b\" class=\"mpc-icon mpc-init mpc-transition mpc-effect-none mpc-icon-hover \"><div class=\"mpc-icon-wrap\"><i class=\"mpc-icon-part mpc-regular mpc-transition  fa fa-check\"><\/i><i class=\"mpc-icon-part mpc-hover mpc-transition  fa fa-check\"><\/i><\/div><\/div><div class=\"mpc-icon-column__content-wrap\"><div class=\"mpc-icon-column__content\"><div data-id=\"mpc_divider-1369efb8e4d774f\" class=\"mpc-divider-wrap\"><div class=\"mpc-divider mpc-init mpc-align--center mpc-disable--left \" ><div class=\"mpc-divider__line mpc-side--left\"><span><\/span><\/div><div class=\"mpc-divider__line mpc-side--right\"><span><\/span><\/div><\/div><\/div><div class=\"mpc-icon-column__description mpc-transition\"><p>Wir setzen auf h\u00f6chste Qualit\u00e4t, die sich vom Wettbewerb abhebt.<\/p>\n<\/div><\/div><\/div><\/div>[\/vc_column][\/vc_row][vc_row full_width=&#8220;stretch_row_content_no_spaces&#8220; equal_height=&#8220;yes&#8220; content_placement=&#8220;middle&#8220; css=&#8220;.vc_custom_1512385503969{margin-top: 0px !important;margin-bottom: 0px !important;background-color: #fbfbfb !important;}&#8220;][vc_column width=&#8220;5\/12&#8243; css=&#8220;.vc_custom_1512373855865{padding-top: 40px !important;padding-right: 7% !important;padding-bottom: 40px !important;padding-left: 3% !important;}&#8220; offset=&#8220;vc_col-lg-offset-1 vc_col-lg-5 vc_col-md-offset-1 vc_col-md-5 vc_col-sm-offset-1 vc_col-xs-offset-1&#8243;][vc_custom_heading text=&#8220;MODERNE TECHNOLOGIE DER KONFEKTIONIERUNG VON PRODUKTEN&#8220; font_container=&#8220;tag:h3|text_align:left|color:%231e1e1e&#8220; google_fonts=&#8220;font_family:Lato%3A100%2C100italic%2C300%2C300italic%2Cregular%2Citalic%2C700%2C700italic%2C900%2C900italic|font_style:900%20bold%20regular%3A900%3Anormal&#8220; css=&#8220;.vc_custom_1525439933824{margin-bottom: 40px !important;}&#8220;]<div data-id=\"mpc_icon_column-3269efb8e4d77af\" class=\"mpc-icon-column mpc-init mpc-parent-hover mpc-transition mpc-icon-column--style_3 mpc-align--left \" ><div data-id=\"mpc_icon-6269efb8e4d77c6\" class=\"mpc-icon mpc-init mpc-transition mpc-effect-none mpc-icon-hover \"><div class=\"mpc-icon-wrap\"><i class=\"mpc-icon-part mpc-regular mpc-transition  fa fa-check\"><\/i><i class=\"mpc-icon-part mpc-hover mpc-transition  fa fa-check\"><\/i><\/div><\/div><div class=\"mpc-icon-column__content-wrap\"><div class=\"mpc-icon-column__content\"><div data-id=\"mpc_divider-3269efb8e4d77d8\" class=\"mpc-divider-wrap\"><div class=\"mpc-divider mpc-init mpc-align--center mpc-disable--left \" ><div class=\"mpc-divider__line mpc-side--left\"><span><\/span><\/div><div class=\"mpc-divider__line mpc-side--right\"><span><\/span><\/div><\/div><\/div><div class=\"mpc-icon-column__description mpc-transition\"><p>Wir verf\u00fcgen \u00fcber einen modernen Maschinenpark, dank dem wir in der Lage sind, komplexe und ungew\u00f6hnliche Auftr\u00e4ge im Bereich der Konfektionierung effizient zu realisieren.<\/p>\n<\/div><\/div><\/div><\/div><div data-id=\"mpc_icon_column-7169efb8e4d7834\" class=\"mpc-icon-column mpc-init mpc-parent-hover mpc-transition mpc-icon-column--style_3 mpc-align--left \" ><div data-id=\"mpc_icon-2569efb8e4d7848\" class=\"mpc-icon mpc-init mpc-transition mpc-effect-none mpc-icon-hover \"><div class=\"mpc-icon-wrap\"><i class=\"mpc-icon-part mpc-regular mpc-transition  fa fa-check\"><\/i><i class=\"mpc-icon-part mpc-hover mpc-transition  fa fa-check\"><\/i><\/div><\/div><div class=\"mpc-icon-column__content-wrap\"><div class=\"mpc-icon-column__content\"><div data-id=\"mpc_divider-4069efb8e4d785c\" class=\"mpc-divider-wrap\"><div class=\"mpc-divider mpc-init mpc-align--center mpc-disable--left \" ><div class=\"mpc-divider__line mpc-side--left\"><span><\/span><\/div><div class=\"mpc-divider__line mpc-side--right\"><span><\/span><\/div><\/div><\/div><div class=\"mpc-icon-column__description mpc-transition\"><p>Wir setzen auf h\u00f6chste Qualit\u00e4tsstandards und garantieren unseren Kunden 100%ige Zufriedenheit.<\/p>\n<\/div><\/div><\/div><\/div>[\/vc_column][vc_column parallax=&#8220;content-moving-fade&#8220; parallax_image=&#8220;7212&#8243; width=&#8220;1\/2&#8243; css=&#8220;.vc_custom_1519823914688{padding-top: 40vh !important;padding-bottom: 40vh !important;}&#8220;][\/vc_column][\/vc_row][vc_row full_width=&#8220;stretch_row&#8220; enable_first_overlay=&#8220;true&#8220; first_overlay_opacity=&#8220;92&#8243; first_background_color=&#8220;#ffffff&#8220; enable_parallax=&#8220;true&#8220; parallax_background=&#8220;6551&#8243; css=&#8220;.vc_custom_1513761969830{margin-top: 0px !important;padding-top: 40px !important;padding-bottom: 40px !important;background-position: center !important;background-repeat: no-repeat !important;background-size: cover !important;}&#8220;][vc_column][vc_custom_heading text=&#8220;KONFEKTIONIERUNG VON VERPACKUNGEN \u2013 ANGEBOT<\/p>\n<p>&#8220; font_container=&#8220;tag:h2|font_size:40|text_align:center|color:%231c1a19&#8243; google_fonts=&#8220;font_family:Lato%3A100%2C100italic%2C300%2C300italic%2Cregular%2Citalic%2C700%2C700italic%2C900%2C900italic|font_style:900%20bold%20regular%3A900%3Anormal&#8220;][vc_custom_heading text=&#8220;SEHEN SIE AUSGEW\u00c4HLTE BEISPIELE DER KONFEKTIONIERUNG VON VERPACKUNGEN:<br \/>\n&#8220; font_container=&#8220;tag:h2|font_size:32|text_align:center|color:%231c1a19&#8243; google_fonts=&#8220;font_family:Lato%3A100%2C100italic%2C300%2C300italic%2Cregular%2Citalic%2C700%2C700italic%2C900%2C900italic|font_style:300%20light%20italic%3A300%3Aitalic&#8220;]        <link rel=\"stylesheet\" href=\"http:\/\/andra-pak.pl\/wp-content\/themes\/xstore\/css\/modules\/woocommerce\/global.min.css\" type=\"text\/css\" media=\"all\" \/> \t\t        <link rel=\"stylesheet\" href=\"http:\/\/andra-pak.pl\/wp-content\/themes\/xstore\/css\/modules\/woocommerce\/archive.min.css\" type=\"text\/css\" media=\"all\" \/> \t\t        <link rel=\"stylesheet\" href=\"http:\/\/andra-pak.pl\/wp-content\/themes\/xstore\/css\/modules\/woocommerce\/product-hovers\/product-view-default.min.css\" type=\"text\/css\" media=\"all\" \/> \t\t<div class=\"swiper-entry  middle arrows-hover\">\n\t                <div\n\t                    class=\"swiper-container carousel-area  products-slider slider-8319 \"\n\t                    \n\t                    data-breakpoints=\"1\"\n\t                    data-xs-slides=\"1\"\n\t                    data-sm-slides=\"2\"\n\t                    data-md-slides=\"3\"\n\t                    data-lt-slides=\"4\"\n\t                    data-slides-per-view=\"4\"\n\t                    \n\t                    data-slides-per-group=\"1\"\n\t                    data-autoplay=\"\"\n\t                    data-speed=\"300\"  \n\t                >\n\t            <div class=\"swiper-wrapper\"><div class=\"swiper-slide slide-item product-slide -slide\" style=\"width:25%\"><div class=\"et_cart-off hide-hover-on-mobile product-hover-swap product-view-mask view-color-dark product type-product post-7999 status-publish instock product_cat-co-packing-de has-post-thumbnail taxable shipping-taxable product-type-simple\">\n    <div class=\"content-product \">\n        \n        \n            \n                    \n                    <div class=\"product-image-wrapper hover-effect-swap\"\n                        >\n\t                                            <a class=\"product-content-image woocommerce-LoopProduct-link woocommerce-loop-product__link\" href=\"http:\/\/andra-pak.pl\/de\/produkt\/beidseitig-verschweisste-kunststoffformteile-nach-dem-hf-verfahren-sog-thermopack\/\"\n                           data-images=\"\"\n                           >\n\t                        \t                                                    <div class=\"image-swap\"><img decoding=\"async\" width=\"300\" height=\"300\" src=\"http:\/\/andra-pak.pl\/wp-content\/uploads\/xstore\/xstore-placeholder-300x300.png\" data-src=\"http:\/\/andra-pak.pl\/wp-content\/uploads\/2017\/12\/DSC_2933-300x300.jpg\" class=\" lazyload lazyload-simple et-lazyload-fadeIn\" alt=\"\" src=\"http:\/\/andra-pak.pl\/wp-content\/uploads\/xstore\/xstore-placeholder-300x300.png\" data-srcset=\"http:\/\/andra-pak.pl\/wp-content\/uploads\/2017\/12\/DSC_2933-300x300.jpg 300w, http:\/\/andra-pak.pl\/wp-content\/uploads\/2017\/12\/DSC_2933-150x150.jpg 150w, http:\/\/andra-pak.pl\/wp-content\/uploads\/2017\/12\/DSC_2933-600x600.jpg 600w, http:\/\/andra-pak.pl\/wp-content\/uploads\/2017\/12\/DSC_2933-100x100.jpg 100w\" data-sizes=\"(max-width: 300px) 100vw, 300px\" \/><\/div>\t\n\t                        <img decoding=\"async\" width=\"300\" height=\"300\" src=\"http:\/\/andra-pak.pl\/wp-content\/uploads\/2017\/12\/DSC_2921-300x300.jpg\" class=\"attachment-woocommerce_thumbnail size-woocommerce_thumbnail\" alt=\"\" srcset=\"http:\/\/andra-pak.pl\/wp-content\/uploads\/2017\/12\/DSC_2921-300x300.jpg 300w, http:\/\/andra-pak.pl\/wp-content\/uploads\/2017\/12\/DSC_2921-150x150.jpg 150w, http:\/\/andra-pak.pl\/wp-content\/uploads\/2017\/12\/DSC_2921-600x600.jpg 600w, http:\/\/andra-pak.pl\/wp-content\/uploads\/2017\/12\/DSC_2921-100x100.jpg 100w\" sizes=\"(max-width: 300px) 100vw, 300px\" \/>                            \n                        <\/a>\n                        \n                        \n                        \n                        \n                                                    <footer class=\"footer-product\">\n                                <\/a><a rel=\"nofollow\" href=\"http:\/\/andra-pak.pl\/de\/produkt\/beidseitig-verschweisste-kunststoffformteile-nach-dem-hf-verfahren-sog-thermopack\/\" class=\"button login-to-buy-product show-product\">Show details<\/a><span id=\"woocommerce_loop_add_to_cart_link_describedby_7999\" class=\"screen-reader-text\">\n\t<\/span>\n                                                                                                                                <\/footer>\n                                            <\/div>\n\n                    \n            \t\t                        <div class=\"text-center product-details\">\n\n                            \n                    \n                                            <div class=\"products-page-cats\"><a href=\"http:\/\/andra-pak.pl\/de\/kategoria-produktu\/co-packing-de\/\" rel=\"tag\">Co-packing<\/a><\/div>                                \n                                            <h2 class=\"product-title\">\n                            <a href=\"http:\/\/andra-pak.pl\/de\/produkt\/beidseitig-verschweisste-kunststoffformteile-nach-dem-hf-verfahren-sog-thermopack\/\">BEIDSEITIG VERSCHWEISSTE KUNSTSTOFFFORMTEILE NACH DEM HF-VERFAHREN (SOG. THERMOPACK)<\/a>\n                        <\/h2>\n                                        \n                                \n                                                    \n                                                                                                        \n                                        \n                    \n                                \n                <\/div>            \n\t\t                                            <\/div><!-- .content-product -->\n<\/div>\n\n<\/div><div class=\"swiper-slide slide-item product-slide -slide\" style=\"width:25%\"><div class=\"et_cart-off hide-hover-on-mobile product-hover-swap product-view-mask view-color-dark product type-product post-7981 status-publish last instock product_cat-co-packing-de has-post-thumbnail taxable shipping-taxable product-type-simple\">\n    <div class=\"content-product \">\n        \n        \n            \n                    \n                    <div class=\"product-image-wrapper hover-effect-swap\"\n                        >\n\t                                            <a class=\"product-content-image woocommerce-LoopProduct-link woocommerce-loop-product__link\" href=\"http:\/\/andra-pak.pl\/de\/produkt\/vakuumverpacken-vom-typ-skin-pack\/\"\n                           data-images=\"\"\n                           >\n\t                        \t                                                    <div class=\"image-swap\"><img decoding=\"async\" width=\"300\" height=\"300\" src=\"http:\/\/andra-pak.pl\/wp-content\/uploads\/xstore\/xstore-placeholder-300x300.png\" data-src=\"http:\/\/andra-pak.pl\/wp-content\/uploads\/2018\/02\/DSC_2926-300x300.jpg\" class=\" lazyload lazyload-simple et-lazyload-fadeIn\" alt=\"\" src=\"http:\/\/andra-pak.pl\/wp-content\/uploads\/xstore\/xstore-placeholder-300x300.png\" data-srcset=\"http:\/\/andra-pak.pl\/wp-content\/uploads\/2018\/02\/DSC_2926-300x300.jpg 300w, http:\/\/andra-pak.pl\/wp-content\/uploads\/2018\/02\/DSC_2926-150x150.jpg 150w, http:\/\/andra-pak.pl\/wp-content\/uploads\/2018\/02\/DSC_2926-600x600.jpg 600w, http:\/\/andra-pak.pl\/wp-content\/uploads\/2018\/02\/DSC_2926-100x100.jpg 100w\" data-sizes=\"(max-width: 300px) 100vw, 300px\" \/><\/div>\t\n\t                        <img decoding=\"async\" width=\"300\" height=\"300\" src=\"http:\/\/andra-pak.pl\/wp-content\/uploads\/2017\/12\/20150325_135340_resized-2-300x300.jpg\" class=\"attachment-woocommerce_thumbnail size-woocommerce_thumbnail\" alt=\"\" srcset=\"http:\/\/andra-pak.pl\/wp-content\/uploads\/2017\/12\/20150325_135340_resized-2-300x300.jpg 300w, http:\/\/andra-pak.pl\/wp-content\/uploads\/2017\/12\/20150325_135340_resized-2-150x150.jpg 150w, http:\/\/andra-pak.pl\/wp-content\/uploads\/2017\/12\/20150325_135340_resized-2-600x600.jpg 600w, http:\/\/andra-pak.pl\/wp-content\/uploads\/2017\/12\/20150325_135340_resized-2-100x100.jpg 100w\" sizes=\"(max-width: 300px) 100vw, 300px\" \/>                            \n                        <\/a>\n                        \n                        \n                        \n                        \n                                                    <footer class=\"footer-product\">\n                                <\/a><a rel=\"nofollow\" href=\"http:\/\/andra-pak.pl\/de\/produkt\/vakuumverpacken-vom-typ-skin-pack\/\" class=\"button login-to-buy-product show-product\">Show details<\/a><span id=\"woocommerce_loop_add_to_cart_link_describedby_7981\" class=\"screen-reader-text\">\n\t<\/span>\n                                                                                                                                <\/footer>\n                                            <\/div>\n\n                    \n            \t\t                        <div class=\"text-center product-details\">\n\n                            \n                    \n                                            <div class=\"products-page-cats\"><a href=\"http:\/\/andra-pak.pl\/de\/kategoria-produktu\/co-packing-de\/\" rel=\"tag\">Co-packing<\/a><\/div>                                \n                                            <h2 class=\"product-title\">\n                            <a href=\"http:\/\/andra-pak.pl\/de\/produkt\/vakuumverpacken-vom-typ-skin-pack\/\">VAKUUMVERPACKEN VOM TYP SKIN PACK<\/a>\n                        <\/h2>\n                                        \n                                \n                                                    \n                                                                                                        \n                                        \n                    \n                                \n                <\/div>            \n\t\t                                            <\/div><!-- .content-product -->\n<\/div>\n\n<\/div><div class=\"swiper-slide slide-item product-slide -slide\" style=\"width:25%\"><div class=\"et_cart-off hide-hover-on-mobile product-hover-swap product-view-mask view-color-dark product type-product post-7472 status-publish instock product_cat-co-packing-de has-post-thumbnail taxable shipping-taxable product-type-simple\">\n    <div class=\"content-product \">\n        \n        \n            \n                    \n                    <div class=\"product-image-wrapper hover-effect-swap\"\n                        >\n\t                                            <a class=\"product-content-image woocommerce-LoopProduct-link woocommerce-loop-product__link\" href=\"http:\/\/andra-pak.pl\/de\/produkt\/verschweisster-blister-papprueckwand-kunststoffformteil\/\"\n                           data-images=\"\"\n                           >\n\t                        \t                                                    \t\n\t                        <img decoding=\"async\" width=\"300\" height=\"300\" src=\"http:\/\/andra-pak.pl\/wp-content\/uploads\/2017\/12\/Blister-zgrzewany-300x300.jpg\" class=\"attachment-woocommerce_thumbnail size-woocommerce_thumbnail\" alt=\"\" srcset=\"http:\/\/andra-pak.pl\/wp-content\/uploads\/2017\/12\/Blister-zgrzewany-300x300.jpg 300w, http:\/\/andra-pak.pl\/wp-content\/uploads\/2017\/12\/Blister-zgrzewany-100x100.jpg 100w, http:\/\/andra-pak.pl\/wp-content\/uploads\/2017\/12\/Blister-zgrzewany-150x150.jpg 150w\" sizes=\"(max-width: 300px) 100vw, 300px\" \/>                            \n                        <\/a>\n                        \n                        \n                        \n                        \n                                                    <footer class=\"footer-product\">\n                                <\/a><a rel=\"nofollow\" href=\"http:\/\/andra-pak.pl\/de\/produkt\/verschweisster-blister-papprueckwand-kunststoffformteil\/\" class=\"button login-to-buy-product show-product\">Show details<\/a><span id=\"woocommerce_loop_add_to_cart_link_describedby_7472\" class=\"screen-reader-text\">\n\t<\/span>\n                                                                                                                                <\/footer>\n                                            <\/div>\n\n                    \n            \t\t                        <div class=\"text-center product-details\">\n\n                            \n                    \n                                            <div class=\"products-page-cats\"><a href=\"http:\/\/andra-pak.pl\/de\/kategoria-produktu\/co-packing-de\/\" rel=\"tag\">Co-packing<\/a><\/div>                                \n                                            <h2 class=\"product-title\">\n                            <a href=\"http:\/\/andra-pak.pl\/de\/produkt\/verschweisster-blister-papprueckwand-kunststoffformteil\/\">VERSCHWEISSTER BLISTER: PAPPR\u00dcCKWAND + KUNSTSTOFFFORMTEIL<\/a>\n                        <\/h2>\n                                        \n                                \n                                                    \n                                                                                                        \n                                        \n                    \n                                \n                <\/div>            \n\t\t                                            <\/div><!-- .content-product -->\n<\/div>\n\n<\/div><div class=\"swiper-slide slide-item product-slide -slide\" style=\"width:25%\"><div class=\"et_cart-off hide-hover-on-mobile product-hover-swap product-view-mask view-color-dark product type-product post-7990 status-publish last instock product_cat-co-packing-de product_cat-termozawieszki-de has-post-thumbnail taxable shipping-taxable product-type-simple\">\n    <div class=\"content-product \">\n        \n        \n            \n                    \n                    <div class=\"product-image-wrapper hover-effect-swap\"\n                        >\n\t                                            <a class=\"product-content-image woocommerce-LoopProduct-link woocommerce-loop-product__link\" href=\"http:\/\/andra-pak.pl\/de\/produkt\/verschweisster-aufhaenger-aufhaenger-aus-pappe-beutel-tuete\/\"\n                           data-images=\"\"\n                           >\n\t                        \t                                                    <div class=\"image-swap\"><img decoding=\"async\" width=\"300\" height=\"300\" src=\"http:\/\/andra-pak.pl\/wp-content\/uploads\/xstore\/xstore-placeholder-300x300.png\" data-src=\"http:\/\/andra-pak.pl\/wp-content\/uploads\/2017\/12\/DSC_2894-300x300.jpg\" class=\" lazyload lazyload-simple et-lazyload-fadeIn\" alt=\"\" src=\"http:\/\/andra-pak.pl\/wp-content\/uploads\/xstore\/xstore-placeholder-300x300.png\" data-srcset=\"http:\/\/andra-pak.pl\/wp-content\/uploads\/2017\/12\/DSC_2894-300x300.jpg 300w, http:\/\/andra-pak.pl\/wp-content\/uploads\/2017\/12\/DSC_2894-150x150.jpg 150w, http:\/\/andra-pak.pl\/wp-content\/uploads\/2017\/12\/DSC_2894-600x600.jpg 600w, http:\/\/andra-pak.pl\/wp-content\/uploads\/2017\/12\/DSC_2894-100x100.jpg 100w\" data-sizes=\"(max-width: 300px) 100vw, 300px\" \/><\/div>\t\n\t                        <img decoding=\"async\" width=\"300\" height=\"300\" src=\"http:\/\/andra-pak.pl\/wp-content\/uploads\/2017\/12\/DSC_2875-300x300.jpg\" class=\"attachment-woocommerce_thumbnail size-woocommerce_thumbnail\" alt=\"\" srcset=\"http:\/\/andra-pak.pl\/wp-content\/uploads\/2017\/12\/DSC_2875-300x300.jpg 300w, http:\/\/andra-pak.pl\/wp-content\/uploads\/2017\/12\/DSC_2875-150x150.jpg 150w, http:\/\/andra-pak.pl\/wp-content\/uploads\/2017\/12\/DSC_2875-600x600.jpg 600w, http:\/\/andra-pak.pl\/wp-content\/uploads\/2017\/12\/DSC_2875-100x100.jpg 100w\" sizes=\"(max-width: 300px) 100vw, 300px\" \/>                            \n                        <\/a>\n                        \n                        \n                        \n                        \n                                                    <footer class=\"footer-product\">\n                                <\/a><a rel=\"nofollow\" href=\"http:\/\/andra-pak.pl\/de\/produkt\/verschweisster-aufhaenger-aufhaenger-aus-pappe-beutel-tuete\/\" class=\"button login-to-buy-product show-product\">Show details<\/a><span id=\"woocommerce_loop_add_to_cart_link_describedby_7990\" class=\"screen-reader-text\">\n\t<\/span>\n                                                                                                                                <\/footer>\n                                            <\/div>\n\n                    \n            \t\t                        <div class=\"text-center product-details\">\n\n                            \n                    \n                                            <div class=\"products-page-cats\"><a href=\"http:\/\/andra-pak.pl\/de\/kategoria-produktu\/co-packing-de\/\" rel=\"tag\">Co-packing<\/a>, <a href=\"http:\/\/andra-pak.pl\/de\/kategoria-produktu\/termozawieszki-de\/\" rel=\"tag\">Termozawieszki<\/a><\/div>                                \n                                            <h2 class=\"product-title\">\n                            <a href=\"http:\/\/andra-pak.pl\/de\/produkt\/verschweisster-aufhaenger-aufhaenger-aus-pappe-beutel-tuete\/\">VERSCHWEISSTER AUFH\u00c4NGER: AUFH\u00c4NGER AUS PAPPE + BEUTEL \/ T\u00dcTE<\/a>\n                        <\/h2>\n                                        \n                                \n                                                    \n                                                                                                        \n                                        \n                    \n                                \n                <\/div>            \n\t\t                                            <\/div><!-- .content-product -->\n<\/div>\n\n<\/div><\/div><!-- slider wrapper--><\/div><!-- slider container-->\n                \t\t<div class=\"swiper-button-prev swiper-custom-left  type-arrow \"><\/div>\n                \t\t<div class=\"swiper-button-next swiper-custom-right  type-arrow \"><\/div>\n                \t\t<\/div><div class=\"clear\"><\/div><!-- slider-entry -->[\/vc_column][\/vc_row][vc_row css=&#8220;.vc_custom_1511958883069{margin-top: 72px !important;}&#8220;][vc_column][vc_custom_heading text=&#8220;KONFEKTIONIERUNG VON PRODUKTEN \u2013 VORTEILE<\/p>\n<p>&#8220; font_container=&#8220;tag:h2|font_size:32|text_align:center|color:%231c1a19&#8243; google_fonts=&#8220;font_family:Lato%3A100%2C100italic%2C300%2C300italic%2Cregular%2Citalic%2C700%2C700italic%2C900%2C900italic|font_style:900%20bold%20regular%3A900%3Anormal&#8220;][vc_custom_heading text=&#8220;ERFAHREN SIE \u00dcBER DIE VORTEILE &#8220; font_container=&#8220;tag:p|font_size:24|text_align:center|color:%23df5461&#8243; google_fonts=&#8220;font_family:Lato%3A100%2C100italic%2C300%2C300italic%2Cregular%2Citalic%2C700%2C700italic%2C900%2C900italic|font_style:700%20bold%20regular%3A700%3Anormal&#8220;][\/vc_column][\/vc_row][vc_row full_width=&#8220;stretch_row_content&#8220;][vc_column width=&#8220;1\/3&#8243; offset=&#8220;vc_col-lg-4 vc_col-md-4 vc_col-xs-12&#8243;]        <link rel=\"stylesheet\" href=\"http:\/\/andra-pak.pl\/wp-content\/themes\/xstore\/css\/modules\/banners\/banner.min.css\" type=\"text\/css\" media=\"all\" \/> \t\t        <link rel=\"stylesheet\" href=\"http:\/\/andra-pak.pl\/wp-content\/themes\/xstore\/css\/modules\/banners\/banners-global.min.css\" type=\"text\/css\" media=\"all\" \/> \t\t        <div id=\"banner-6139\" class=\"banner  banner-type-2 et_image-with-hover et_image-hover-2 with-diagonal text-center responsive-fonts valign-middle font-style-light no-titles\" >\n\n\t\t\t\n\t\t\t\t<img decoding=\"async\" width=\"414\" height=\"276\" src=\"http:\/\/andra-pak.pl\/wp-content\/uploads\/xstore\/xstore-placeholder-446x276.png\" style=\"width: 446px; height: 276px;\" data-src=\"http:\/\/andra-pak.pl\/wp-content\/uploads\/2017\/11\/Andra-Pak_023g-min.jpg\" class=\" lazyload lazyload-simple et-lazyload-fadeIn\" alt=\"\" src=\"http:\/\/andra-pak.pl\/wp-content\/uploads\/xstore\/xstore-placeholder-446x276.png\" style=\"width: 446px; height: 276px;\" data-srcset=\"http:\/\/andra-pak.pl\/wp-content\/uploads\/2017\/11\/Andra-Pak_023g-min.jpg 1440w, http:\/\/andra-pak.pl\/wp-content\/uploads\/2017\/11\/Andra-Pak_023g-min-600x400.jpg 600w, http:\/\/andra-pak.pl\/wp-content\/uploads\/2017\/11\/Andra-Pak_023g-min-300x200.jpg 300w, http:\/\/andra-pak.pl\/wp-content\/uploads\/2017\/11\/Andra-Pak_023g-min-768x512.jpg 768w, http:\/\/andra-pak.pl\/wp-content\/uploads\/2017\/11\/Andra-Pak_023g-min-1024x683.jpg 1024w, http:\/\/andra-pak.pl\/wp-content\/uploads\/2017\/11\/Andra-Pak_023g-min-100x67.jpg 100w\" data-sizes=\"(max-width: 414px) 100vw, 414px\" \/>                <div class=\"banner-content \">\n\n\t\t\t\t\t                    <div class=\"content-inner\">\n\n\t\t\t\t\t\t<\/p>\n<div>\n<h3 style=\"font-weight: 900; text-transform: uppercase;\">PROFESSIONELLE<br \/>\nBERATUNG<\/h3>\n<p style=\"margin-bottom: 0; font-weight: 400; letter-spacing: 2px; opacity: 0.9;\">Wir helfen Ihnen bei der Auswahl der optimalen Packmethode, die Ihren Bed\u00fcrfnissen und Ihrem Budget entspricht.<\/p>\n<\/div>\n<p>\n                    <\/div>\n\t\t\t\t\t        <\/div>\n\n\t\t        <\/div>\n\n\t\t        <link rel=\"stylesheet\" href=\"http:\/\/andra-pak.pl\/wp-content\/themes\/xstore\/css\/modules\/banners\/banner.min.css\" type=\"text\/css\" media=\"all\" \/> \t\t        <link rel=\"stylesheet\" href=\"http:\/\/andra-pak.pl\/wp-content\/themes\/xstore\/css\/modules\/banners\/banners-global.min.css\" type=\"text\/css\" media=\"all\" \/> \t\t        <div id=\"banner-7850\" class=\"banner  banner-type-2 et_image-with-hover et_image-hover-2 with-diagonal text-center responsive-fonts valign-middle font-style-light no-titles\" >\n\n\t\t\t\n\t\t\t\t<img decoding=\"async\" width=\"446\" height=\"238\" src=\"http:\/\/andra-pak.pl\/wp-content\/uploads\/xstore\/xstore-placeholder-446x276.png\" style=\"width: 446px; height: 276px;\" data-src=\"http:\/\/andra-pak.pl\/wp-content\/uploads\/2017\/11\/opakowania-z-tworzyw-sztucznych.jpg\" class=\" lazyload lazyload-simple et-lazyload-fadeIn\" alt=\"\" src=\"http:\/\/andra-pak.pl\/wp-content\/uploads\/xstore\/xstore-placeholder-446x276.png\" style=\"width: 446px; height: 276px;\" data-srcset=\"http:\/\/andra-pak.pl\/wp-content\/uploads\/2017\/11\/opakowania-z-tworzyw-sztucznych.jpg 1440w, http:\/\/andra-pak.pl\/wp-content\/uploads\/2017\/11\/opakowania-z-tworzyw-sztucznych-600x321.jpg 600w, http:\/\/andra-pak.pl\/wp-content\/uploads\/2017\/11\/opakowania-z-tworzyw-sztucznych-300x160.jpg 300w, http:\/\/andra-pak.pl\/wp-content\/uploads\/2017\/11\/opakowania-z-tworzyw-sztucznych-768x411.jpg 768w, http:\/\/andra-pak.pl\/wp-content\/uploads\/2017\/11\/opakowania-z-tworzyw-sztucznych-1024x548.jpg 1024w, http:\/\/andra-pak.pl\/wp-content\/uploads\/2017\/11\/opakowania-z-tworzyw-sztucznych-100x53.jpg 100w\" data-sizes=\"(max-width: 446px) 100vw, 446px\" \/>                <div class=\"banner-content \">\n\n\t\t\t\t\t                    <div class=\"content-inner\">\n\n\t\t\t\t\t\t<\/p>\n<div>\n<h3 style=\"font-weight: 900; text-transform: uppercase;\">SCHNELLE<br \/>\nDURCHF\u00dcHRUNG<\/h3>\n<p style=\"margin-bottom: 0; font-weight: 400; letter-spacing: 2px; opacity: 0.9;\">Wir sorgen f\u00fcr eine schnelle Realisierung der Auftr\u00e4ge und halten stets die angegebenen Termine ein.<\/p>\n<\/div>\n<p>\n                    <\/div>\n\t\t\t\t\t        <\/div>\n\n\t\t        <\/div>\n\n\t\t[\/vc_column][vc_column width=&#8220;1\/3&#8243; offset=&#8220;vc_col-lg-4 vc_col-md-4 vc_col-xs-12&#8243;]        <link rel=\"stylesheet\" href=\"http:\/\/andra-pak.pl\/wp-content\/themes\/xstore\/css\/modules\/banners\/banner.min.css\" type=\"text\/css\" media=\"all\" \/> \t\t        <link rel=\"stylesheet\" href=\"http:\/\/andra-pak.pl\/wp-content\/themes\/xstore\/css\/modules\/banners\/banners-global.min.css\" type=\"text\/css\" media=\"all\" \/> \t\t        <div id=\"banner-2113\" class=\"banner  banner-type-2 et_image-with-hover et_image-hover-2 with-diagonal text-center responsive-fonts valign-middle font-style-light no-titles\" >\n\n\t\t\t\n\t\t\t\t<img decoding=\"async\" width=\"414\" height=\"276\" src=\"http:\/\/andra-pak.pl\/wp-content\/uploads\/xstore\/xstore-placeholder-446x276.png\" style=\"width: 446px; height: 276px;\" data-src=\"http:\/\/andra-pak.pl\/wp-content\/uploads\/2017\/11\/konfekcjonowanie-opakowan-co-packing.jpg\" class=\" lazyload lazyload-simple et-lazyload-fadeIn\" alt=\"\" src=\"http:\/\/andra-pak.pl\/wp-content\/uploads\/xstore\/xstore-placeholder-446x276.png\" style=\"width: 446px; height: 276px;\" data-srcset=\"http:\/\/andra-pak.pl\/wp-content\/uploads\/2017\/11\/konfekcjonowanie-opakowan-co-packing.jpg 1000w, http:\/\/andra-pak.pl\/wp-content\/uploads\/2017\/11\/konfekcjonowanie-opakowan-co-packing-600x400.jpg 600w, http:\/\/andra-pak.pl\/wp-content\/uploads\/2017\/11\/konfekcjonowanie-opakowan-co-packing-300x200.jpg 300w, http:\/\/andra-pak.pl\/wp-content\/uploads\/2017\/11\/konfekcjonowanie-opakowan-co-packing-768x512.jpg 768w, http:\/\/andra-pak.pl\/wp-content\/uploads\/2017\/11\/konfekcjonowanie-opakowan-co-packing-100x67.jpg 100w\" data-sizes=\"(max-width: 414px) 100vw, 414px\" \/>                <div class=\"banner-content \">\n\n\t\t\t\t\t                    <div class=\"content-inner\">\n\n\t\t\t\t\t\t<\/p>\n<div style=\"text-align: center;\">\n<h3 style=\"font-weight: 900; text-transform: uppercase;\">KOMPLEXER<br \/>\nSERVICE<\/h3>\n<p style=\"margin-bottom: 0; font-weight: 400; letter-spacing: 2px; opacity: 0.9;\">Vom Grafikdesign \u00fcber die Verpackungsherstellung bis hin zur professionellen Konfektionierung von Produkten.<\/p>\n<\/div>\n<p>\n                    <\/div>\n\t\t\t\t\t        <\/div>\n\n\t\t        <\/div>\n\n\t\t        <link rel=\"stylesheet\" href=\"http:\/\/andra-pak.pl\/wp-content\/themes\/xstore\/css\/modules\/banners\/banner.min.css\" type=\"text\/css\" media=\"all\" \/> \t\t        <link rel=\"stylesheet\" href=\"http:\/\/andra-pak.pl\/wp-content\/themes\/xstore\/css\/modules\/banners\/banners-global.min.css\" type=\"text\/css\" media=\"all\" \/> \t\t        <div id=\"banner-3055\" class=\"banner  banner-type-2 et_image-with-hover et_image-hover-2 with-diagonal text-center responsive-fonts valign-middle font-style-light no-titles\" >\n\n\t\t\t\n\t\t\t\t<img decoding=\"async\" width=\"368\" height=\"276\" src=\"http:\/\/andra-pak.pl\/wp-content\/uploads\/xstore\/xstore-placeholder-446x276.png\" style=\"width: 446px; height: 276px;\" data-src=\"http:\/\/andra-pak.pl\/wp-content\/uploads\/2017\/11\/folie-termoplastyczne.jpg\" class=\" lazyload lazyload-simple et-lazyload-fadeIn\" alt=\"\" src=\"http:\/\/andra-pak.pl\/wp-content\/uploads\/xstore\/xstore-placeholder-446x276.png\" style=\"width: 446px; height: 276px;\" data-srcset=\"http:\/\/andra-pak.pl\/wp-content\/uploads\/2017\/11\/folie-termoplastyczne.jpg 1000w, http:\/\/andra-pak.pl\/wp-content\/uploads\/2017\/11\/folie-termoplastyczne-600x451.jpg 600w, http:\/\/andra-pak.pl\/wp-content\/uploads\/2017\/11\/folie-termoplastyczne-300x225.jpg 300w, http:\/\/andra-pak.pl\/wp-content\/uploads\/2017\/11\/folie-termoplastyczne-768x577.jpg 768w, http:\/\/andra-pak.pl\/wp-content\/uploads\/2017\/11\/folie-termoplastyczne-100x75.jpg 100w\" data-sizes=\"(max-width: 368px) 100vw, 368px\" \/>                <div class=\"banner-content \">\n\n\t\t\t\t\t                    <div class=\"content-inner\">\n\n\t\t\t\t\t\t<\/p>\n<div style=\"text-align: center;\">\n<h3 style=\"font-weight: 900; text-transform: uppercase;\">GARANTIERTE<br \/>\nQUALIT\u00c4T<\/h3>\n<p style=\"margin-bottom: 0; font-weight: 400; letter-spacing: 2px; opacity: 0.9;\">Sie k\u00f6nnen sicher sein, dass die Verpackung der Produkte Ihres Unternehmens immer von h\u00f6chster Qualit\u00e4t ist.<\/p>\n<\/div>\n<p>\n                    <\/div>\n\t\t\t\t\t        <\/div>\n\n\t\t        <\/div>\n\n\t\t[\/vc_column][vc_column width=&#8220;1\/3&#8243; offset=&#8220;vc_col-lg-4 vc_col-md-4 vc_col-xs-12&#8243;]        <link rel=\"stylesheet\" href=\"http:\/\/andra-pak.pl\/wp-content\/themes\/xstore\/css\/modules\/banners\/banner.min.css\" type=\"text\/css\" media=\"all\" \/> \t\t        <link rel=\"stylesheet\" href=\"http:\/\/andra-pak.pl\/wp-content\/themes\/xstore\/css\/modules\/banners\/banners-global.min.css\" type=\"text\/css\" media=\"all\" \/> \t\t        <div id=\"banner-4597\" class=\"banner  banner-type-2 et_image-with-hover et_image-hover-2 with-diagonal text-center responsive-fonts valign-middle font-style-light no-titles\" >\n\n\t\t\t\n\t\t\t\t<img decoding=\"async\" width=\"414\" height=\"276\" src=\"http:\/\/andra-pak.pl\/wp-content\/uploads\/xstore\/xstore-placeholder-446x276.png\" style=\"width: 446px; height: 276px;\" data-src=\"http:\/\/andra-pak.pl\/wp-content\/uploads\/2017\/11\/poligrafia-1.jpg\" class=\" lazyload lazyload-simple et-lazyload-fadeIn\" alt=\"\" src=\"http:\/\/andra-pak.pl\/wp-content\/uploads\/xstore\/xstore-placeholder-446x276.png\" style=\"width: 446px; height: 276px;\" data-srcset=\"http:\/\/andra-pak.pl\/wp-content\/uploads\/2017\/11\/poligrafia-1.jpg 800w, http:\/\/andra-pak.pl\/wp-content\/uploads\/2017\/11\/poligrafia-1-600x400.jpg 600w, http:\/\/andra-pak.pl\/wp-content\/uploads\/2017\/11\/poligrafia-1-300x200.jpg 300w, http:\/\/andra-pak.pl\/wp-content\/uploads\/2017\/11\/poligrafia-1-768x512.jpg 768w, http:\/\/andra-pak.pl\/wp-content\/uploads\/2017\/11\/poligrafia-1-100x67.jpg 100w\" data-sizes=\"(max-width: 414px) 100vw, 414px\" \/>                <div class=\"banner-content \">\n\n\t\t\t\t\t                    <div class=\"content-inner\">\n\n\t\t\t\t\t\t<\/p>\n<div style=\"text-align: center;\">\n<h3 style=\"font-weight: 900; text-transform: uppercase;\">G\u00dcNSTIGE<br \/>\nPREISE<\/h3>\n<p style=\"margin-bottom: 0; font-weight: 400; letter-spacing: 2px; opacity: 0.9;\">Wir garantieren ein g\u00fcnstiges Verh\u00e4ltnis zwischen h\u00f6chster Qualit\u00e4t und einem attraktiven Preis, was Ihrem Unternehmen messbare Einsparungen erm\u00f6glicht.<\/p>\n<\/div>\n<p>\n                    <\/div>\n\t\t\t\t\t        <\/div>\n\n\t\t        <\/div>\n\n\t\t        <link rel=\"stylesheet\" href=\"http:\/\/andra-pak.pl\/wp-content\/themes\/xstore\/css\/modules\/banners\/banner.min.css\" type=\"text\/css\" media=\"all\" \/> \t\t        <link rel=\"stylesheet\" href=\"http:\/\/andra-pak.pl\/wp-content\/themes\/xstore\/css\/modules\/banners\/banners-global.min.css\" type=\"text\/css\" media=\"all\" \/> \t\t        <div id=\"banner-7453\" class=\"banner  banner-type-2 et_image-with-hover et_image-hover-2 with-diagonal text-center responsive-fonts valign-middle font-style-light no-titles\" >\n\n\t\t\t\n\t\t\t\t<img decoding=\"async\" width=\"414\" height=\"276\" src=\"http:\/\/andra-pak.pl\/wp-content\/uploads\/xstore\/xstore-placeholder-446x276.png\" style=\"width: 446px; height: 276px;\" data-src=\"http:\/\/andra-pak.pl\/wp-content\/uploads\/2017\/11\/Andra-Pak_201g-min.jpg\" class=\" lazyload lazyload-simple et-lazyload-fadeIn\" alt=\"\" src=\"http:\/\/andra-pak.pl\/wp-content\/uploads\/xstore\/xstore-placeholder-446x276.png\" style=\"width: 446px; height: 276px;\" data-srcset=\"http:\/\/andra-pak.pl\/wp-content\/uploads\/2017\/11\/Andra-Pak_201g-min.jpg 1440w, http:\/\/andra-pak.pl\/wp-content\/uploads\/2017\/11\/Andra-Pak_201g-min-600x400.jpg 600w, http:\/\/andra-pak.pl\/wp-content\/uploads\/2017\/11\/Andra-Pak_201g-min-300x200.jpg 300w, http:\/\/andra-pak.pl\/wp-content\/uploads\/2017\/11\/Andra-Pak_201g-min-768x512.jpg 768w, http:\/\/andra-pak.pl\/wp-content\/uploads\/2017\/11\/Andra-Pak_201g-min-1024x683.jpg 1024w, http:\/\/andra-pak.pl\/wp-content\/uploads\/2017\/11\/Andra-Pak_201g-min-100x67.jpg 100w\" data-sizes=\"(max-width: 414px) 100vw, 414px\" \/>                <div class=\"banner-content \">\n\n\t\t\t\t\t                    <div class=\"content-inner\">\n\n\t\t\t\t\t\t<\/p>\n<div style=\"text-align: center;\">\n<h3 style=\"font-weight: 900; text-transform: uppercase;\">WETTBEWERBS-<br \/>\nVORTEILE<\/h3>\n<p style=\"margin-bottom: 0; font-weight: 400; letter-spacing: 2px; opacity: 0.9;\">Wir steigern das Werbe- und Verkaufspotenzial Ihrer Produkte.<\/p>\n<\/div>\n<p>&nbsp;<\/p>\n<p>\n                    <\/div>\n\t\t\t\t\t        <\/div>\n\n\t\t        <\/div>\n\n\t\t[\/vc_column][\/vc_row][vc_row css=&#8220;.vc_custom_1511958883069{margin-top: 72px !important;}&#8220;][vc_column][vc_custom_heading text=&#8220;SPRECHEN WIR \u00dcBER VERPACKUNGEN F\u00dcR IHRE FIRMA<\/p>\n<p>&#8220; font_container=&#8220;tag:h2|font_size:32|text_align:center|color:%231c1a19&#8243; google_fonts=&#8220;font_family:Lato%3A100%2C100italic%2C300%2C300italic%2Cregular%2Citalic%2C700%2C700italic%2C900%2C900italic|font_style:900%20bold%20regular%3A900%3Anormal&#8220;][\/vc_column][\/vc_row][vc_row equal_height=&#8220;yes&#8220; content_placement=&#8220;middle&#8220;][vc_column width=&#8220;2\/3&#8243;]\n<div class=\"wpcf7 no-js\" id=\"wpcf7-f4081-o1\" lang=\"en-US\" dir=\"ltr\">\n<div class=\"screen-reader-response\"><p role=\"status\" aria-live=\"polite\" aria-atomic=\"true\"><\/p> <ul><\/ul><\/div>\n<form action=\"\/de\/wp-json\/wp\/v2\/pages\/8203#wpcf7-f4081-o1\" method=\"post\" class=\"wpcf7-form init\" aria-label=\"Contact form\" novalidate=\"novalidate\" data-status=\"init\">\n<div style=\"display: none;\">\n<input type=\"hidden\" name=\"_wpcf7\" value=\"4081\" \/>\n<input type=\"hidden\" name=\"_wpcf7_version\" value=\"5.9.6\" \/>\n<input type=\"hidden\" name=\"_wpcf7_locale\" value=\"en_US\" \/>\n<input type=\"hidden\" name=\"_wpcf7_unit_tag\" value=\"wpcf7-f4081-o1\" \/>\n<input type=\"hidden\" name=\"_wpcf7_container_post\" value=\"0\" \/>\n<input type=\"hidden\" name=\"_wpcf7_posted_data_hash\" value=\"\" \/>\n<\/div>\n<div class=\"form-group\">\n\t<p><label>Imi\u0119 i Nazwisko \/ Name (*)<\/label><br \/>\n<span class=\"wpcf7-form-control-wrap\" data-name=\"your-name\"><input size=\"40\" maxlength=\"80\" class=\"wpcf7-form-control wpcf7-text wpcf7-validates-as-required\" aria-required=\"true\" aria-invalid=\"false\" value=\"\" type=\"text\" name=\"your-name\" \/><\/span>\n\t<\/p>\n\t<p><label>Firma \/ Company(*)<\/label><br \/>\n<span class=\"wpcf7-form-control-wrap\" data-name=\"your-company\"><input size=\"40\" maxlength=\"80\" class=\"wpcf7-form-control wpcf7-text wpcf7-validates-as-required\" aria-required=\"true\" aria-invalid=\"false\" value=\"\" type=\"text\" name=\"your-company\" \/><\/span>\n\t<\/p>\n<\/div>\n<div class=\"form-group\">\n\t<p><label>E-mail (*)<\/label><br \/>\n<span class=\"wpcf7-form-control-wrap\" data-name=\"your-email\"><input size=\"40\" maxlength=\"80\" class=\"wpcf7-form-control wpcf7-email wpcf7-validates-as-required wpcf7-text wpcf7-validates-as-email\" aria-required=\"true\" aria-invalid=\"false\" value=\"\" type=\"email\" name=\"your-email\" \/><\/span>\n\t<\/p>\n\t<p><label>Telefon \/ Phone<\/label><br \/>\n<span class=\"wpcf7-form-control-wrap\" data-name=\"your-phone\"><input size=\"40\" maxlength=\"80\" class=\"wpcf7-form-control wpcf7-text\" aria-invalid=\"false\" value=\"\" type=\"text\" name=\"your-phone\" \/><\/span>\n\t<\/p>\n<\/div>\n<p><br \/>\n<label>Wiadomo\u015b\u0107 \/ Message<\/label><br \/>\n<span class=\"wpcf7-form-control-wrap\" data-name=\"your-message\"><textarea cols=\"40\" rows=\"10\" maxlength=\"400\" class=\"wpcf7-form-control wpcf7-textarea\" aria-invalid=\"false\" name=\"your-message\"><\/textarea><\/span>\n<\/p>\n<p><br \/>\n<span class=\"wpcf7-form-control-wrap\" data-name=\"acceptance-348\"><span class=\"wpcf7-form-control wpcf7-acceptance\"><span class=\"wpcf7-list-item\"><label><input type=\"checkbox\" name=\"acceptance-348\" value=\"1\" aria-invalid=\"false\" \/><span class=\"wpcf7-list-item-label\">Akceptuj\u0119 <a target=\"_blank\" style=\"text-decoration:underline;color:#d64444;\" href=\"https:\/\/andra-pak.pl\/klauzula-informacyjna-dot-przetwarzania-danych-osobowych-przez-andra-pak-sp-z-o-o\/\">polityk\u0119 prywatno\u015bci<\/a><\/span><\/label><\/span><\/span><\/span>\n<\/p>\n<p><input class=\"wpcf7-form-control wpcf7-submit has-spinner\" type=\"submit\" value=\"Wy\u015blij \/ Send\" \/>\n<\/p><p style=\"display: none !important;\" class=\"akismet-fields-container\" data-prefix=\"_wpcf7_ak_\"><label>&#916;<textarea name=\"_wpcf7_ak_hp_textarea\" cols=\"45\" rows=\"8\" maxlength=\"100\"><\/textarea><\/label><input type=\"hidden\" id=\"ak_js_1\" name=\"_wpcf7_ak_js\" value=\"125\"\/><script>document.getElementById( \"ak_js_1\" ).setAttribute( \"value\", ( new Date() ).getTime() );<\/script><\/p><div class=\"wpcf7-response-output\" aria-hidden=\"true\"><\/div>\n<\/form>\n<\/div>\n[\/vc_column][vc_column width=&#8220;1\/3&#8243;][vc_custom_heading text=&#8220;Andra-Pak Sp. z o.o.&#8220; font_container=&#8220;tag:h3|font_size:24px|text_align:left|color:%231a1a1a|line_height:30px&#8220; use_theme_fonts=&#8220;yes&#8220;][vc_column_text css=&#8220;.vc_custom_1511958969660{border-top-width: 1px !important;border-bottom-width: 1px !important;padding-top: 20px !important;padding-bottom: 20px !important;border-top-color: #e9e9e9 !important;border-top-style: solid !important;border-bottom-color: #e9e9e9 !important;border-bottom-style: solid !important;}&#8220;]05-090 Falenty Nowe<br \/>\nul. Falencka 1 A<br \/>\ntel\/fax: (22) 716-26-04\/05\/12<br \/>\ntel\/fax: (22) 720-27-61<br \/>\ne-mail: <a class=\"direct_email\" href=\"mailto:andra-pak@andra-pak.pl?subject=Kontakt ze strony\">andra-pak@andra-pak.pl<\/a><br \/>\n[\/vc_column_text][\/vc_column][\/vc_row]<\/p>\n<\/div>","protected":false},"excerpt":{"rendered":"<p>[vc_row full_width=&#8220;stretch_row&#8220; enable_first_overlay=&#8220;true&#8220; first_overlay_opacity=&#8220;92&#8243; first_background_color=&#8220;#ffffff&#8220; enable_parallax=&#8220;true&#8220; parallax_background=&#8220;6551&#8243; css=&#8220;.vc_custom_1513761969830{margin-top: 0px !important;padding-top: 40px !important;padding-bottom: 40px !important;background-position: center !important;background-repeat: no-repeat !important;background-size: cover !important;}&#8220; el_id=&#8220;produkty&#8220;][vc_column][vc_custom_heading text=&#8220;KOMPLEXE KONFEKTIONIERUNG VON VERPACKUNGEN&#8230;<\/p>\n","protected":false},"author":1,"featured_media":0,"parent":0,"menu_order":0,"comment_status":"closed","ping_status":"closed","template":"","meta":{"footnotes":""},"class_list":["post-8203","page","type-page","status-publish","hentry"],"yoast_head":"<!-- This site is optimized with the Yoast SEO plugin v22.9 - https:\/\/yoast.com\/wordpress\/plugins\/seo\/ -->\n<title>KONFEKTIONIERUNG VON VERPACKUNGEN - Andra Pak<\/title>\n<meta name=\"robots\" content=\"index, follow, max-snippet:-1, max-image-preview:large, max-video-preview:-1\" \/>\n<link rel=\"canonical\" href=\"http:\/\/andra-pak.pl\/de\/konfektionierung-von-verpackungen\/\" \/>\n<meta property=\"og:locale\" content=\"de_DE\" \/>\n<meta property=\"og:type\" content=\"article\" \/>\n<meta property=\"og:title\" content=\"KONFEKTIONIERUNG VON VERPACKUNGEN - Andra Pak\" \/>\n<meta property=\"og:description\" content=\"[vc_row full_width=&#8220;stretch_row&#8220; enable_first_overlay=&#8220;true&#8220; first_overlay_opacity=&#8220;92&#8243; first_background_color=&#8220;#ffffff&#8220; enable_parallax=&#8220;true&#8220; parallax_background=&#8220;6551&#8243; css=&#8220;.vc_custom_1513761969830{margin-top: 0px !important;padding-top: 40px !important;padding-bottom: 40px !important;background-position: center !important;background-repeat: no-repeat !important;background-size: cover !important;}&#8220; el_id=&#8220;produkty&#8220;][vc_column][vc_custom_heading text=&#8220;KOMPLEXE KONFEKTIONIERUNG VON VERPACKUNGEN...\" \/>\n<meta property=\"og:url\" content=\"http:\/\/andra-pak.pl\/de\/konfektionierung-von-verpackungen\/\" \/>\n<meta property=\"og:site_name\" content=\"Andra Pak\" \/>\n<meta property=\"article:modified_time\" content=\"2018-05-04T13:23:30+00:00\" \/>\n<meta name=\"twitter:card\" content=\"summary_large_image\" \/>\n<meta name=\"twitter:label1\" content=\"Gesch\u00e4tzte Lesezeit\" \/>\n\t<meta name=\"twitter:data1\" content=\"9\u00a0Minuten\" \/>\n<script type=\"application\/ld+json\" class=\"yoast-schema-graph\">{\"@context\":\"https:\/\/schema.org\",\"@graph\":[{\"@type\":\"WebPage\",\"@id\":\"http:\/\/andra-pak.pl\/de\/konfektionierung-von-verpackungen\/\",\"url\":\"http:\/\/andra-pak.pl\/de\/konfektionierung-von-verpackungen\/\",\"name\":\"KONFEKTIONIERUNG VON VERPACKUNGEN - Andra Pak\",\"isPartOf\":{\"@id\":\"https:\/\/andra-pak.pl\/#website\"},\"datePublished\":\"2017-11-29T15:50:13+00:00\",\"dateModified\":\"2018-05-04T13:23:30+00:00\",\"breadcrumb\":{\"@id\":\"http:\/\/andra-pak.pl\/de\/konfektionierung-von-verpackungen\/#breadcrumb\"},\"inLanguage\":\"de\",\"potentialAction\":[{\"@type\":\"ReadAction\",\"target\":[\"http:\/\/andra-pak.pl\/de\/konfektionierung-von-verpackungen\/\"]}]},{\"@type\":\"BreadcrumbList\",\"@id\":\"http:\/\/andra-pak.pl\/de\/konfektionierung-von-verpackungen\/#breadcrumb\",\"itemListElement\":[{\"@type\":\"ListItem\",\"position\":1,\"name\":\"Strona g\u0142\u00f3wna\",\"item\":\"https:\/\/andra-pak.pl\/de\/\"},{\"@type\":\"ListItem\",\"position\":2,\"name\":\"KONFEKTIONIERUNG VON VERPACKUNGEN\"}]},{\"@type\":\"WebSite\",\"@id\":\"https:\/\/andra-pak.pl\/#website\",\"url\":\"https:\/\/andra-pak.pl\/\",\"name\":\"Andra Pak\",\"description\":\"Produkcja opakowa\u0144 i Co-packing\",\"potentialAction\":[{\"@type\":\"SearchAction\",\"target\":{\"@type\":\"EntryPoint\",\"urlTemplate\":\"https:\/\/andra-pak.pl\/?s={search_term_string}\"},\"query-input\":\"required name=search_term_string\"}],\"inLanguage\":\"de\"}]}<\/script>\n<!-- \/ Yoast SEO plugin. -->","yoast_head_json":{"title":"KONFEKTIONIERUNG VON VERPACKUNGEN - Andra Pak","robots":{"index":"index","follow":"follow","max-snippet":"max-snippet:-1","max-image-preview":"max-image-preview:large","max-video-preview":"max-video-preview:-1"},"canonical":"http:\/\/andra-pak.pl\/de\/konfektionierung-von-verpackungen\/","og_locale":"de_DE","og_type":"article","og_title":"KONFEKTIONIERUNG VON VERPACKUNGEN - Andra Pak","og_description":"[vc_row full_width=&#8220;stretch_row&#8220; enable_first_overlay=&#8220;true&#8220; first_overlay_opacity=&#8220;92&#8243; first_background_color=&#8220;#ffffff&#8220; enable_parallax=&#8220;true&#8220; parallax_background=&#8220;6551&#8243; css=&#8220;.vc_custom_1513761969830{margin-top: 0px !important;padding-top: 40px !important;padding-bottom: 40px !important;background-position: center !important;background-repeat: no-repeat !important;background-size: cover !important;}&#8220; el_id=&#8220;produkty&#8220;][vc_column][vc_custom_heading text=&#8220;KOMPLEXE KONFEKTIONIERUNG VON VERPACKUNGEN...","og_url":"http:\/\/andra-pak.pl\/de\/konfektionierung-von-verpackungen\/","og_site_name":"Andra Pak","article_modified_time":"2018-05-04T13:23:30+00:00","twitter_card":"summary_large_image","twitter_misc":{"Gesch\u00e4tzte Lesezeit":"9\u00a0Minuten"},"schema":{"@context":"https:\/\/schema.org","@graph":[{"@type":"WebPage","@id":"http:\/\/andra-pak.pl\/de\/konfektionierung-von-verpackungen\/","url":"http:\/\/andra-pak.pl\/de\/konfektionierung-von-verpackungen\/","name":"KONFEKTIONIERUNG VON VERPACKUNGEN - Andra Pak","isPartOf":{"@id":"https:\/\/andra-pak.pl\/#website"},"datePublished":"2017-11-29T15:50:13+00:00","dateModified":"2018-05-04T13:23:30+00:00","breadcrumb":{"@id":"http:\/\/andra-pak.pl\/de\/konfektionierung-von-verpackungen\/#breadcrumb"},"inLanguage":"de","potentialAction":[{"@type":"ReadAction","target":["http:\/\/andra-pak.pl\/de\/konfektionierung-von-verpackungen\/"]}]},{"@type":"BreadcrumbList","@id":"http:\/\/andra-pak.pl\/de\/konfektionierung-von-verpackungen\/#breadcrumb","itemListElement":[{"@type":"ListItem","position":1,"name":"Strona g\u0142\u00f3wna","item":"https:\/\/andra-pak.pl\/de\/"},{"@type":"ListItem","position":2,"name":"KONFEKTIONIERUNG VON VERPACKUNGEN"}]},{"@type":"WebSite","@id":"https:\/\/andra-pak.pl\/#website","url":"https:\/\/andra-pak.pl\/","name":"Andra Pak","description":"Produkcja opakowa\u0144 i Co-packing","potentialAction":[{"@type":"SearchAction","target":{"@type":"EntryPoint","urlTemplate":"https:\/\/andra-pak.pl\/?s={search_term_string}"},"query-input":"required name=search_term_string"}],"inLanguage":"de"}]}},"_links":{"self":[{"href":"http:\/\/andra-pak.pl\/de\/wp-json\/wp\/v2\/pages\/8203","targetHints":{"allow":["GET"]}}],"collection":[{"href":"http:\/\/andra-pak.pl\/de\/wp-json\/wp\/v2\/pages"}],"about":[{"href":"http:\/\/andra-pak.pl\/de\/wp-json\/wp\/v2\/types\/page"}],"author":[{"embeddable":true,"href":"http:\/\/andra-pak.pl\/de\/wp-json\/wp\/v2\/users\/1"}],"replies":[{"embeddable":true,"href":"http:\/\/andra-pak.pl\/de\/wp-json\/wp\/v2\/comments?post=8203"}],"version-history":[{"count":0,"href":"http:\/\/andra-pak.pl\/de\/wp-json\/wp\/v2\/pages\/8203\/revisions"}],"wp:attachment":[{"href":"http:\/\/andra-pak.pl\/de\/wp-json\/wp\/v2\/media?parent=8203"}],"curies":[{"name":"wp","href":"https:\/\/api.w.org\/{rel}","templated":true}]}}